{"id":954,"date":"2016-02-08T05:22:21","date_gmt":"2016-02-08T05:22:21","guid":{"rendered":"https:\/\/smartyschool.stylemixthemes.com\/?page_id=954"},"modified":"2026-08-31T20:05:08","modified_gmt":"2026-08-31T18:05:08","slug":"academic-calendar","status":"publish","type":"page","link":"https:\/\/kspnazaret.pl\/?page_id=954","title":{"rendered":"Kalendarz"},"content":{"rendered":"<p>[vc_row css=&#8221;.vc_custom_1475131782248{margin-bottom: 72px !important;padding-top: 5px !important;}&#8221;][vc_column][stm_title title_align=&#8221;center&#8221; page_title_enable=&#8221;true&#8221; title_margin_b=&#8221;7px&#8221;][\/stm_title][\/vc_column][\/vc_row][vc_row full_width=&#8221;stretch_row&#8221; css=&#8221;.vc_custom_1475137403944{margin-bottom: 0px !important;padding-top: 12px !important;padding-bottom: 73px !important;background-color: #fff9f2 !important;}&#8221;][vc_column][stm_title title_tag=&#8221;h3&#8243; title=&#8221;2026\/2027&#8243; title_margin_b=&#8221;13px&#8221;][\/stm_title][vc_row_inner][vc_column_inner width=&#8221;1\/3&#8243; offset=&#8221;vc_col-lg-3 vc_col-md-3&#8243;][stm_title title_tag=&#8221;h5&#8243; title=&#8221;Wrzesie\u0144&#8221; title_margin_b=&#8221;10px&#8221;][\/stm_title][stm_icon_box view_style=&#8221;style-2&#8243; icon_color=&#8221;orange&#8221; title=&#8221;1, Pocz\u0105tek nowego roku szkolnego&#8221; icon_fontawesome=&#8221;stm-icon stm-icon-calendar&#8221; css=&#8221;.vc_custom_1757666648173{margin-bottom: 17px !important;}&#8221; icon_size=&#8221;16px&#8221;][stm_icon_box view_style=&#8221;style-2&#8243; icon_color=&#8221;orange&#8221; title=&#8221;15, Spotkania z rodzicami&#8221; icon_fontawesome=&#8221;stm-icon stm-icon-calendar&#8221; css=&#8221;.vc_custom_1787942370302{margin-bottom: 17px !important;}&#8221; icon_size=&#8221;16px&#8221;][stm_icon_box view_style=&#8221;style-2&#8243; icon_color=&#8221;orange&#8221; title=&#8221;20, Msza \u015awi\u0119ta szkolna&#8221; icon_fontawesome=&#8221;stm-icon stm-icon-calendar&#8221; css=&#8221;.vc_custom_1787941975568{margin-bottom: 17px !important;}&#8221; icon_size=&#8221;16px&#8221;][stm_icon_box view_style=&#8221;style-2&#8243; icon_color=&#8221;orange&#8221; title=&#8221;26, XXIV \u015awi\u0119tokrzyski Rajd Pielgrzymkowy \u201e\u015awi\u0119ty Krzy\u017c 2026\u201d&#8221; icon_fontawesome=&#8221;stm-icon stm-icon-calendar&#8221; css=&#8221;.vc_custom_1787942282238{margin-bottom: 17px !important;}&#8221; icon_size=&#8221;16px&#8221;][stm_icon_box view_style=&#8221;style-2&#8243; icon_color=&#8221;orange&#8221; title=&#8221;28, Dzie\u0144 Ch\u0142opaka &#8211; wyj\u015bcia klasowe&#8221; icon_fontawesome=&#8221;stm-icon stm-icon-calendar&#8221; css=&#8221;.vc_custom_1788196230776{margin-bottom: 17px !important;}&#8221; icon_size=&#8221;16px&#8221;][stm_title title_tag=&#8221;h5&#8243; title=&#8221;Pa\u017adziernik&#8221; title_margin_b=&#8221;10px&#8221;][\/stm_title][stm_icon_box view_style=&#8221;style-2&#8243; icon_color=&#8221;orange&#8221; title=&#8221;12, \u015alubowanie klas pierwszych&#8221; icon_fontawesome=&#8221;stm-icon stm-icon-calendar&#8221; css=&#8221;.vc_custom_1787942231472{margin-bottom: 17px !important;}&#8221; icon_size=&#8221;16px&#8221;][stm_icon_box view_style=&#8221;style-2&#8243; icon_color=&#8221;orange&#8221; title=&#8221;13, Obchody \u015awi\u0119ta Edukacji Narodowej w szkole&#8221; icon_fontawesome=&#8221;stm-icon stm-icon-calendar&#8221; css=&#8221;.vc_custom_1787942327208{margin-bottom: 17px !important;}&#8221; icon_size=&#8221;16px&#8221;][stm_icon_box view_style=&#8221;style-2&#8243; icon_color=&#8221;orange&#8221; title=&#8221;14, Dzie\u0144 wolny od zaj\u0119\u0107 dydaktycznych&#8221; icon_fontawesome=&#8221;stm-icon stm-icon-calendar&#8221; css=&#8221;.vc_custom_1788196610483{margin-bottom: 17px !important;}&#8221; icon_size=&#8221;16px&#8221;][stm_icon_box view_style=&#8221;style-2&#8243; icon_color=&#8221;orange&#8221; title=&#8221;15, Dzie\u0144 Papieski&#8221; icon_fontawesome=&#8221;stm-icon stm-icon-calendar&#8221; css=&#8221;.vc_custom_1788196548924{margin-bottom: 17px !important;}&#8221; icon_size=&#8221;16px&#8221;][stm_icon_box view_style=&#8221;style-2&#8243; icon_color=&#8221;orange&#8221; title=&#8221;18, Msza \u015bwi\u0119ta szkolna&#8221; icon_fontawesome=&#8221;stm-icon stm-icon-calendar&#8221; css=&#8221;.vc_custom_1787942358007{margin-bottom: 17px !important;}&#8221; icon_size=&#8221;16px&#8221;][stm_icon_box view_style=&#8221;style-2&#8243; icon_color=&#8221;orange&#8221; title=&#8221;20, Konsultacje 16.30 &#8211; 18.30&#8243; icon_fontawesome=&#8221;stm-icon stm-icon-calendar&#8221; css=&#8221;.vc_custom_1788195997511{margin-bottom: 17px !important;}&#8221; icon_size=&#8221;16px&#8221;][stm_title title_tag=&#8221;h5&#8243; title=&#8221;Listopad&#8221; title_margin_b=&#8221;10px&#8221;][\/stm_title][stm_icon_box view_style=&#8221;style-2&#8243; icon_color=&#8221;orange&#8221; title=&#8221;2, Dzie\u0144 wolny od zaj\u0119\u0107 dydaktycznych&#8221; icon_fontawesome=&#8221;stm-icon stm-icon-calendar&#8221; css=&#8221;.vc_custom_1788196411555{margin-bottom: 1px !important;}&#8221; icon_size=&#8221;16px&#8221;][stm_icon_box view_style=&#8221;style-2&#8243; icon_color=&#8221;orange&#8221; title=&#8221;11, Dzie\u0144 Odzyskania Niepodleg\u0142o\u015bci&#8221; icon_fontawesome=&#8221;stm-icon stm-icon-calendar&#8221; css=&#8221;.vc_custom_1757670155370{margin-bottom: 1px !important;}&#8221; icon_size=&#8221;16px&#8221;][stm_icon_box view_style=&#8221;style-2&#8243; icon_color=&#8221;orange&#8221; title=&#8221;12, Obchody Dnia Odzyskania Niepodleg\u0142o\u015bci&#8221; icon_fontawesome=&#8221;stm-icon stm-icon-calendar&#8221; css=&#8221;.vc_custom_1757667161478{margin-bottom: 1px !important;}&#8221; icon_size=&#8221;16px&#8221;][stm_icon_box view_style=&#8221;style-2&#8243; icon_color=&#8221;orange&#8221; title=&#8221;15, Msza \u015bwi\u0119ta szkolna&#8221; icon_fontawesome=&#8221;stm-icon stm-icon-calendar&#8221; css=&#8221;.vc_custom_1788196250736{margin-bottom: 1px !important;}&#8221; icon_size=&#8221;16px&#8221;][stm_icon_box view_style=&#8221;style-2&#8243; icon_color=&#8221;orange&#8221; title=&#8221;21, Dzie\u0144 Patronalny Szko\u0142y&#8221; icon_fontawesome=&#8221;stm-icon stm-icon-calendar&#8221; css=&#8221;.vc_custom_1693984740814{margin-bottom: 1px !important;}&#8221; icon_size=&#8221;16px&#8221;][stm_spacing sm_spacing=&#8221;56px&#8221; xs_spacing=&#8221;56px&#8221;][\/vc_column_inner][vc_column_inner width=&#8221;1\/3&#8243; offset=&#8221;vc_col-lg-3 vc_col-md-3&#8243;][stm_title title_tag=&#8221;h5&#8243; title=&#8221;Grudzie\u0144&#8221; title_margin_b=&#8221;10px&#8221;][\/stm_title][stm_icon_box view_style=&#8221;style-2&#8243; icon_color=&#8221;orange&#8221; title=&#8221;3, Mi\u0119dzynarodowy Dzie\u0144 Wolontariusza&#8221; icon_fontawesome=&#8221;stm-icon stm-icon-calendar&#8221; css=&#8221;.vc_custom_1788196775956{margin-bottom: 17px !important;}&#8221; icon_size=&#8221;16px&#8221;][stm_icon_box view_style=&#8221;style-2&#8243; icon_color=&#8221;orange&#8221; title=&#8221;12, Dzie\u0144 formacyjny pracownik\u00f3w i rodzic\u00f3w&#8221; icon_fontawesome=&#8221;stm-icon stm-icon-calendar&#8221; css=&#8221;.vc_custom_1788196836383{margin-bottom: 17px !important;}&#8221; icon_size=&#8221;16px&#8221;][stm_icon_box view_style=&#8221;style-2&#8243; icon_color=&#8221;orange&#8221; title=&#8221;20, Msza \u015bwi\u0119ta szkolna&#8221; icon_fontawesome=&#8221;stm-icon stm-icon-calendar&#8221; css=&#8221;.vc_custom_1788196889400{margin-bottom: 17px !important;}&#8221; icon_size=&#8221;16px&#8221;][stm_icon_box view_style=&#8221;style-2&#8243; icon_color=&#8221;orange&#8221; title=&#8221;23-31 , Zimowa przerwa \u015bwi\u0105teczna&#8221; icon_fontawesome=&#8221;stm-icon stm-icon-calendar&#8221; css=&#8221;.vc_custom_1788197270999{margin-bottom: 17px !important;}&#8221; icon_size=&#8221;16px&#8221;][stm_title title_tag=&#8221;h5&#8243; title=&#8221;Stycze\u0144&#8221; title_margin_b=&#8221;10px&#8221;][\/stm_title][stm_icon_box view_style=&#8221;style-2&#8243; icon_color=&#8221;orange&#8221; title=&#8221;4,5; Dni wolne od zaj\u0119\u0107 dydaktycznych&#8221; icon_fontawesome=&#8221;stm-icon stm-icon-calendar&#8221; css=&#8221;.vc_custom_1788197310728{margin-bottom: 17px !important;}&#8221; icon_size=&#8221;16px&#8221;][stm_icon_box view_style=&#8221;style-2&#8243; icon_color=&#8221;orange&#8221; title=&#8221;6, Orszak Trzech Kr\u00f3li&#8221; icon_fontawesome=&#8221;stm-icon stm-icon-calendar&#8221; css=&#8221;.vc_custom_1631562450152{margin-bottom: 17px !important;}&#8221; icon_size=&#8221;16px&#8221;][stm_icon_box view_style=&#8221;style-2&#8243; icon_color=&#8221;orange&#8221; title=&#8221;Jase\u0142ka dla rodzic\u00f3w&#8221; icon_fontawesome=&#8221;stm-icon stm-icon-calendar&#8221; css=&#8221;.vc_custom_1788197500362{margin-bottom: 17px !important;}&#8221; icon_size=&#8221;16px&#8221;][stm_icon_box view_style=&#8221;style-2&#8243; icon_color=&#8221;orange&#8221; title=&#8221;17, Msza \u015bwi\u0119ta szkolna&#8221; icon_fontawesome=&#8221;stm-icon stm-icon-calendar&#8221; css=&#8221;.vc_custom_1788197556232{margin-bottom: 17px !important;}&#8221; icon_size=&#8221;16px&#8221;][stm_icon_box view_style=&#8221;style-2&#8243; icon_color=&#8221;orange&#8221; title=&#8221;19, Konsultacje 16.30 &#8211; 18.30&#8243; icon_fontawesome=&#8221;stm-icon stm-icon-calendar&#8221; css=&#8221;.vc_custom_1788197720302{margin-bottom: 17px !important;}&#8221; icon_size=&#8221;16px&#8221;][stm_icon_box view_style=&#8221;style-2&#8243; icon_color=&#8221;orange&#8221; title=&#8221;26, Wystawienie ocen \u015br\u00f3drocznych&#8221; icon_fontawesome=&#8221;stm-icon stm-icon-calendar&#8221; css=&#8221;.vc_custom_1788197418764{margin-bottom: 17px !important;}&#8221; icon_size=&#8221;16px&#8221;][stm_title title_tag=&#8221;h5&#8243; title=&#8221;Luty&#8221; title_margin_b=&#8221;10px&#8221;][\/stm_title][stm_icon_box view_style=&#8221;style-2&#8243; icon_color=&#8221;orange&#8221; title=&#8221;1-14, Ferie zimowe&#8221; icon_fontawesome=&#8221;stm-icon stm-icon-calendar&#8221; css=&#8221;.vc_custom_1788197833974{margin-bottom: 1px !important;}&#8221; icon_size=&#8221;16px&#8221;][stm_icon_box view_style=&#8221;style-2&#8243; icon_color=&#8221;orange&#8221; title=&#8221;Mi\u0119dzynarodowy Dzie\u0144 J\u0119zyka Ojczystego&#8221; icon_fontawesome=&#8221;stm-icon stm-icon-calendar&#8221; css=&#8221;.vc_custom_1788197784555{margin-bottom: 1px !important;}&#8221; icon_size=&#8221;16px&#8221;][stm_icon_box view_style=&#8221;style-2&#8243; icon_color=&#8221;orange&#8221; title=&#8221;21, Msza \u015bwi\u0119ta szkolna&#8221; icon_fontawesome=&#8221;stm-icon stm-icon-calendar&#8221; css=&#8221;.vc_custom_1788197638185{margin-bottom: 1px !important;}&#8221; icon_size=&#8221;16px&#8221;][stm_icon_box view_style=&#8221;style-2&#8243; icon_color=&#8221;orange&#8221; title=&#8221;21, Dzie\u0144 formacyjny&#8221; icon_fontawesome=&#8221;stm-icon stm-icon-calendar&#8221; css=&#8221;.vc_custom_1770366599063{margin-bottom: 1px !important;}&#8221; icon_size=&#8221;16px&#8221;][stm_spacing sm_spacing=&#8221;56px&#8221; xs_spacing=&#8221;56px&#8221;][stm_spacing sm_spacing=&#8221;56px&#8221; xs_spacing=&#8221;56px&#8221;][stm_spacing sm_spacing=&#8221;56px&#8221; xs_spacing=&#8221;56px&#8221;][\/vc_column_inner][vc_column_inner width=&#8221;1\/3&#8243; offset=&#8221;vc_col-lg-3 vc_col-md-3&#8243;][stm_title title_tag=&#8221;h5&#8243; title=&#8221;Marzec&#8221; title_margin_b=&#8221;10px&#8221;][\/stm_title][stm_icon_box view_style=&#8221;style-2&#8243; icon_color=&#8221;orange&#8221; title=&#8221;1-2, spotkania rekolekcyjne dla rodzic\u00f3w&#8221; icon_fontawesome=&#8221;stm-icon stm-icon-calendar&#8221; css=&#8221;.vc_custom_1788198183909{margin-bottom: 17px !important;}&#8221; icon_size=&#8221;16px&#8221;][stm_icon_box view_style=&#8221;style-2&#8243; icon_color=&#8221;orange&#8221; title=&#8221;1-5, Rekolekcje wielkopostne uczni\u00f3w&#8221; icon_fontawesome=&#8221;stm-icon stm-icon-calendar&#8221; css=&#8221;.vc_custom_1788198268717{margin-bottom: 17px !important;}&#8221; icon_size=&#8221;16px&#8221;][stm_icon_box view_style=&#8221;style-2&#8243; icon_color=&#8221;orange&#8221; title=&#8221;Obchody z okazji Narodowego Dnia Pami\u0119ci \u017bo\u0142nierzy Niez\u0142omnych&#8221; icon_fontawesome=&#8221;stm-icon stm-icon-calendar&#8221; css=&#8221;.vc_custom_1788197974561{margin-bottom: 17px !important;}&#8221; icon_size=&#8221;16px&#8221;][stm_icon_box view_style=&#8221;style-2&#8243; icon_color=&#8221;orange&#8221; title=&#8221;21, Msza \u015bwi\u0119ta szkolna&#8221; icon_fontawesome=&#8221;stm-icon stm-icon-calendar&#8221; css=&#8221;.vc_custom_1788197997106{margin-bottom: 17px !important;}&#8221; icon_size=&#8221;16px&#8221;][stm_icon_box view_style=&#8221;style-2&#8243; icon_color=&#8221;orange&#8221; title=&#8221;Misterium Wielkopostne dla rodzic\u00f3w i dziadk\u00f3w&#8221; icon_fontawesome=&#8221;stm-icon stm-icon-calendar&#8221; css=&#8221;.vc_custom_1788198116649{margin-bottom: 17px !important;}&#8221; icon_size=&#8221;16px&#8221;][stm_icon_box view_style=&#8221;style-2&#8243; icon_color=&#8221;orange&#8221; title=&#8221;25-30, Wiosenna przerwa \u015bwi\u0105teczna&#8221; icon_fontawesome=&#8221;stm-icon stm-icon-calendar&#8221; css=&#8221;.vc_custom_1788198057517{margin-bottom: 17px !important;}&#8221; icon_size=&#8221;16px&#8221;][stm_title title_tag=&#8221;h5&#8243; title=&#8221;Kwiecie\u0144&#8221; title_margin_b=&#8221;10px&#8221;][\/stm_title][stm_icon_box view_style=&#8221;style-2&#8243; icon_color=&#8221;orange&#8221; icon_fontawesome=&#8221;stm-icon stm-icon-calendar&#8221; css=&#8221;.vc_custom_1788198322681{margin-bottom: 17px !important;}&#8221; icon_size=&#8221;16px&#8221; title=&#8221;18, Msza \u015bwi\u0119ta szkolna&#8221;][stm_icon_box view_style=&#8221;style-2&#8243; icon_color=&#8221;orange&#8221; icon_fontawesome=&#8221;stm-icon stm-icon-calendar&#8221; css=&#8221;.vc_custom_1757672786951{margin-bottom: 17px !important;}&#8221; icon_size=&#8221;16px&#8221; title=&#8221;21, Konsultacje 16.30 &#8211; 18.30&#8243;][stm_icon_box view_style=&#8221;style-2&#8243; icon_color=&#8221;orange&#8221; icon_fontawesome=&#8221;stm-icon stm-icon-calendar&#8221; css=&#8221;.vc_custom_1788198351854{margin-bottom: 17px !important;}&#8221; icon_size=&#8221;16px&#8221; title=&#8221;24, Pielgrzymka do \u017bd\u017car&#8221;][stm_icon_box view_style=&#8221;style-2&#8243; icon_color=&#8221;orange&#8221; icon_fontawesome=&#8221;stm-icon stm-icon-calendar&#8221; css=&#8221;.vc_custom_1788198430552{margin-bottom: 17px !important;}&#8221; icon_size=&#8221;16px&#8221; title=&#8221;27, Konsultacje dla rodzic\u00f3w&#8221;][stm_title title_tag=&#8221;h5&#8243; title=&#8221;Maj&#8221; title_margin_b=&#8221;10px&#8221;][\/stm_title][stm_icon_box view_style=&#8221;style-2&#8243; icon_color=&#8221;orange&#8221; title=&#8221;10 &#8211; 12, Egzamin \u00f3smoklasisty&#8221; icon_fontawesome=&#8221;stm-icon stm-icon-calendar&#8221; css=&#8221;.vc_custom_1788198525154{margin-bottom: 0px !important;}&#8221; icon_size=&#8221;16px&#8221;][stm_icon_box view_style=&#8221;style-2&#8243; icon_color=&#8221;orange&#8221; title=&#8221;15, Uroczysto\u015b\u0107 I Komunii \u015awi\u0119tej&#8221; icon_fontawesome=&#8221;stm-icon stm-icon-calendar&#8221; css=&#8221;.vc_custom_1788198959886{margin-bottom: 1px !important;}&#8221; icon_size=&#8221;16px&#8221;][stm_icon_box view_style=&#8221;style-2&#8243; icon_color=&#8221;orange&#8221; title=&#8221;19, Zebrania i konsultacje&#8221; icon_fontawesome=&#8221;stm-icon stm-icon-calendar&#8221; css=&#8221;.vc_custom_1757672420063{margin-bottom: 0px !important;}&#8221; icon_size=&#8221;16px&#8221;][stm_icon_box view_style=&#8221;style-2&#8243; icon_color=&#8221;orange&#8221; title=&#8221;21, Informacja o ocenach niedostatecznych&#8221; icon_fontawesome=&#8221;stm-icon stm-icon-calendar&#8221; css=&#8221;.vc_custom_1788198771961{margin-bottom: 0px !important;}&#8221; icon_size=&#8221;16px&#8221;][stm_icon_box view_style=&#8221;style-2&#8243; icon_color=&#8221;orange&#8221; title=&#8221;25, Dzie\u0144 Matki i Ojca &#8211; Maj\u00f3wka Rodzinna&#8221; icon_fontawesome=&#8221;stm-icon stm-icon-calendar&#8221; css=&#8221;.vc_custom_1788198629089{margin-bottom: 0px !important;}&#8221; icon_size=&#8221;16px&#8221;][stm_icon_box view_style=&#8221;style-2&#8243; icon_color=&#8221;orange&#8221; title=&#8221;28, Dzie\u0144 wolny od zaj\u0119\u0107 dydaktycznych&#8221; icon_fontawesome=&#8221;stm-icon stm-icon-calendar&#8221; css=&#8221;.vc_custom_1788198926188{margin-bottom: 0px !important;}&#8221; icon_size=&#8221;16px&#8221;][stm_icon_box view_style=&#8221;style-2&#8243; icon_color=&#8221;orange&#8221; title=&#8221;27, Bo\u017ce Cia\u0142o&#8221; icon_fontawesome=&#8221;stm-icon stm-icon-calendar&#8221; css=&#8221;.vc_custom_1788199206174{margin-bottom: 0px !important;}&#8221; icon_size=&#8221;16px&#8221;][stm_icon_box view_style=&#8221;style-2&#8243; icon_color=&#8221;orange&#8221; title=&#8221;Egzamin na kart\u0119 rowerow\u0105 &#8211; sesja wiosenna&#8221; icon_fontawesome=&#8221;stm-icon stm-icon-calendar&#8221; css=&#8221;.vc_custom_1757670426163{margin-bottom: 0px !important;}&#8221; icon_size=&#8221;16px&#8221;][stm_spacing sm_spacing=&#8221;56px&#8221; xs_spacing=&#8221;56px&#8221;][\/vc_column_inner][vc_column_inner width=&#8221;1\/3&#8243; offset=&#8221;vc_col-lg-3 vc_col-md-3&#8243;][stm_title title_tag=&#8221;h5&#8243; title=&#8221;Czerwiec&#8221; title_margin_b=&#8221;10px&#8221;][\/stm_title][stm_icon_box view_style=&#8221;style-2&#8243; icon_color=&#8221;orange&#8221; title=&#8221;Dzie\u0144 dziecka&#8221; icon_fontawesome=&#8221;stm-icon stm-icon-calendar&#8221; css=&#8221;.vc_custom_1725720962904{margin-bottom: 0px !important;}&#8221; icon_size=&#8221;16px&#8221;][stm_icon_box view_style=&#8221;style-2&#8243; icon_color=&#8221;orange&#8221; title=&#8221;12, Wystawienie przewidywanych ocen rocznych&#8221; icon_fontawesome=&#8221;stm-icon stm-icon-calendar&#8221; css=&#8221;.vc_custom_1788199505209{margin-bottom: 1px !important;}&#8221; icon_size=&#8221;16px&#8221;][stm_icon_box view_style=&#8221;style-2&#8243; icon_color=&#8221;orange&#8221; title=&#8221;Dzie\u0144 sportu szkolnego kl. 4-8&#8243; icon_fontawesome=&#8221;stm-icon stm-icon-calendar&#8221; css=&#8221;.vc_custom_1788199156359{margin-bottom: 1px !important;}&#8221; icon_size=&#8221;16px&#8221;][stm_icon_box view_style=&#8221;style-2&#8243; icon_color=&#8221;orange&#8221; title=&#8221;21, Rada klasyfikacyjna&#8221; icon_fontawesome=&#8221;stm-icon stm-icon-calendar&#8221; css=&#8221;.vc_custom_1788199308367{margin-bottom: 1px !important;}&#8221; icon_size=&#8221;16px&#8221;][stm_icon_box view_style=&#8221;style-2&#8243; icon_color=&#8221;orange&#8221; title=&#8221;25, Msza \u015bwi\u0119ta na zako\u0144czenie roku szkolnego&#8221; icon_fontawesome=&#8221;stm-icon stm-icon-calendar&#8221; css=&#8221;.vc_custom_1788198831639{margin-bottom: 1px !important;}&#8221; icon_size=&#8221;16px&#8221;][stm_btn btn_text_align=&#8221;left&#8221; btn_icon_position=&#8221;right&#8221; icon_color=&#8221;custom&#8221; btn_icon_enable=&#8221;true&#8221; btn_type=&#8221;stm-btn-download&#8221; btn_secondary_text=&#8221;Adobe Acrobat file, 123 \u041aB&#8221; btn_link=&#8221;url:%23|title:Download%20Calendar|&#8221; btn_icon_size=&#8221;32px&#8221; btn_icon_fontawesome=&#8221;fa fa-file-pdf-o&#8221; icon_color_custom=&#8221;#dd3333&#8243;][\/vc_column_inner][\/vc_row_inner][\/vc_column][\/vc_row]<\/p>\n","protected":false},"excerpt":{"rendered":"<p>[vc_row css=&#8221;.vc_custom_1475131782248{margin-bottom: 72px !important;padding-top: 5px !important;}&#8221;][vc_column][stm_title title_align=&#8221;center&#8221; page_title_enable=&#8221;true&#8221; title_margin_b=&#8221;7px&#8221;][\/stm_title][\/vc_column][\/vc_row][vc_row full_width=&#8221;stretch_row&#8221; css=&#8221;.vc_custom_1475137403944{margin-bottom: 0px !important;padding-top: 12px !important;padding-bottom: 73px !important;background-color: #fff9f2 !important;}&#8221;][vc_column][stm_title title_tag=&#8221;h3&#8243; title=&#8221;2026\/2027&#8243; title_margin_b=&#8221;13px&#8221;][\/stm_title][vc_row_inner][vc_column_inner width=&#8221;1\/3&#8243; offset=&#8221;vc_col-lg-3 vc_col-md-3&#8243;][stm_title title_tag=&#8221;h5&#8243; title=&#8221;Wrzesie\u0144&#8221; title_margin_b=&#8221;10px&#8221;][\/stm_title][stm_icon_box view_style=&#8221;style-2&#8243; icon_color=&#8221;orange&#8221; title=&#8221;1, Pocz\u0105tek nowego roku szkolnego&#8221; icon_fontawesome=&#8221;stm-icon stm-icon-calendar&#8221; css=&#8221;.vc_custom_1757666648173{margin-bottom: 17px !important;}&#8221; icon_size=&#8221;16px&#8221;][stm_icon_box view_style=&#8221;style-2&#8243; icon_color=&#8221;orange&#8221; title=&#8221;15, Spotkania z rodzicami&#8221; icon_fontawesome=&#8221;stm-icon stm-icon-calendar&#8221; css=&#8221;.vc_custom_1787942370302{margin-bottom: 17px !important;}&#8221; icon_size=&#8221;16px&#8221;][stm_icon_box view_style=&#8221;style-2&#8243; icon_color=&#8221;orange&#8221; [&hellip;]<\/p>\n","protected":false},"author":1,"featured_media":0,"parent":0,"menu_order":0,"comment_status":"closed","ping_status":"closed","template":"","meta":{"footnotes":""},"class_list":["post-954","page","type-page","status-publish","hentry"],"_links":{"self":[{"href":"https:\/\/kspnazaret.pl\/index.php?rest_route=\/wp\/v2\/pages\/954","targetHints":{"allow":["GET"]}}],"collection":[{"href":"https:\/\/kspnazaret.pl\/index.php?rest_route=\/wp\/v2\/pages"}],"about":[{"href":"https:\/\/kspnazaret.pl\/index.php?rest_route=\/wp\/v2\/types\/page"}],"author":[{"embeddable":true,"href":"https:\/\/kspnazaret.pl\/index.php?rest_route=\/wp\/v2\/users\/1"}],"replies":[{"embeddable":true,"href":"https:\/\/kspnazaret.pl\/index.php?rest_route=%2Fwp%2Fv2%2Fcomments&post=954"}],"version-history":[{"count":45,"href":"https:\/\/kspnazaret.pl\/index.php?rest_route=\/wp\/v2\/pages\/954\/revisions"}],"predecessor-version":[{"id":11198,"href":"https:\/\/kspnazaret.pl\/index.php?rest_route=\/wp\/v2\/pages\/954\/revisions\/11198"}],"wp:attachment":[{"href":"https:\/\/kspnazaret.pl\/index.php?rest_route=%2Fwp%2Fv2%2Fmedia&parent=954"}],"curies":[{"name":"wp","href":"https:\/\/api.w.org\/{rel}","templated":true}]}}