{"id":6359,"date":"2021-02-11T12:14:30","date_gmt":"2021-02-11T11:14:30","guid":{"rendered":"http:\/\/www.kspnazaret.pl\/?page_id=6359"},"modified":"2021-02-11T12:52:53","modified_gmt":"2021-02-11T11:52:53","slug":"hymn","status":"publish","type":"page","link":"https:\/\/kspnazaret.pl\/?page_id=6359","title":{"rendered":"Hymn"},"content":{"rendered":"\n<figure class=\"wp-block-embed is-type-video is-provider-youtube wp-block-embed-youtube wp-embed-aspect-16-9 wp-has-aspect-ratio\"><div class=\"wp-block-embed__wrapper\">\n<iframe loading=\"lazy\" title=\"Hymn - O MARYJO Z NAZARETU\" width=\"1110\" height=\"624\" src=\"https:\/\/www.youtube.com\/embed\/LKRUOGMWLlA?feature=oembed\" frameborder=\"0\" allow=\"accelerometer; autoplay; clipboard-write; encrypted-media; gyroscope; picture-in-picture\" allowfullscreen><\/iframe>\n<\/div><\/figure>\n\n\n\n<figure class=\"wp-block-audio\"><audio controls src=\"http:\/\/www.kspnazaret.pl\/wp-content\/uploads\/2021\/02\/hymn.mp3\"><\/audio><figcaption>Hymn w wersji mp3<\/figcaption><\/figure>\n\n\n\n<p>O MARYJO Z NAZARETU<br>D                          A<br>1.M\u0142odo\u015b\u0107 serca, m\u0142odo\u015b\u0107 ducha<br>G A<br>ka\u017cdy z nas chce dzisiaj wznie\u015b\u0107<br>i wraz z T\u0105 co Boga s\u0142ucha      D A<br>w \u017cyciu swoim innym nie\u015b\u0107      G A<br>G A D h<br><strong>Ref.: O Maryjo z Nazaretu prowad\u017a nas do Boga<br>co dzie\u0144 wskazuj nam, \u017ce mi\u0142o\u015b\u0107 to wspania\u0142a droga. G A D h<br>W Twej nazareta\u0144skiej szkole my wzrasta\u0107 pragniemy G A D h<br>Bogu, ludziom i Ojczy\u017anie dobrze s\u0142u\u017cy\u0107 chcemy. G A Fis<\/strong><br>2.Ty Jezusa innym nios\u0142a\u015b<br>i widzia\u0142a\u015b ludzki b\u00f3l,<br>ucz nas czyni\u0107 co On ka\u017ce,<br>z Ciebie my czerpiemy wz\u00f3r.<br><br><strong>Ref. O Maryjo z Nazaretu\u2026<\/strong><br><br>Rozwijamy m\u0142odo\u015b\u0107 swoj\u0105<br>umys\u0142, cia\u0142o oraz ducha<br>wiemy, \u017ce kto chce by\u0107 lepszy<br>niech Maryi s\u0142ucha.<br><br><strong>Ref. O Maryjo z Nazaretu\u2026<\/strong><br>x2 (przy powt\u00f3rzeniu w ostatniej linijce G A D Fis)<br><\/p>\n\n\n\n<div class=\"wp-block-file\"><a href=\"http:\/\/www.kspnazaret.pl\/wp-content\/uploads\/2021\/02\/O-Maryjo-z-Nazaretu-z-akordami.pdf\">O Maryjo z Nazaretu &#8211; z akordami<\/a><a href=\"http:\/\/www.kspnazaret.pl\/wp-content\/uploads\/2021\/02\/O-Maryjo-z-Nazaretu-z-akordami.pdf\" class=\"wp-block-file__button\" download>Pobierz<\/a><\/div>\n","protected":false},"excerpt":{"rendered":"<p>O MARYJO Z NAZARETUD A1.M\u0142odo\u015b\u0107 serca, m\u0142odo\u015b\u0107 duchaG Aka\u017cdy z nas chce dzisiaj wznie\u015b\u0107i wraz z T\u0105 co Boga s\u0142ucha D Aw \u017cyciu swoim innym nie\u015b\u0107 G AG A D hRef.: O Maryjo z Nazaretu prowad\u017a nas do Bogaco dzie\u0144 wskazuj nam, \u017ce mi\u0142o\u015b\u0107 to wspania\u0142a droga. G A D hW Twej nazareta\u0144skiej szkole my [&hellip;]<\/p>\n","protected":false},"author":1,"featured_media":0,"parent":0,"menu_order":0,"comment_status":"closed","ping_status":"closed","template":"","meta":{"footnotes":""},"class_list":["post-6359","page","type-page","status-publish","hentry"],"_links":{"self":[{"href":"https:\/\/kspnazaret.pl\/index.php?rest_route=\/wp\/v2\/pages\/6359","targetHints":{"allow":["GET"]}}],"collection":[{"href":"https:\/\/kspnazaret.pl\/index.php?rest_route=\/wp\/v2\/pages"}],"about":[{"href":"https:\/\/kspnazaret.pl\/index.php?rest_route=\/wp\/v2\/types\/page"}],"author":[{"embeddable":true,"href":"https:\/\/kspnazaret.pl\/index.php?rest_route=\/wp\/v2\/users\/1"}],"replies":[{"embeddable":true,"href":"https:\/\/kspnazaret.pl\/index.php?rest_route=%2Fwp%2Fv2%2Fcomments&post=6359"}],"version-history":[{"count":8,"href":"https:\/\/kspnazaret.pl\/index.php?rest_route=\/wp\/v2\/pages\/6359\/revisions"}],"predecessor-version":[{"id":6380,"href":"https:\/\/kspnazaret.pl\/index.php?rest_route=\/wp\/v2\/pages\/6359\/revisions\/6380"}],"wp:attachment":[{"href":"https:\/\/kspnazaret.pl\/index.php?rest_route=%2Fwp%2Fv2%2Fmedia&parent=6359"}],"curies":[{"name":"wp","href":"https:\/\/api.w.org\/{rel}","templated":true}]}}